{"id":1238,"date":"2022-08-04T09:36:12","date_gmt":"2022-08-04T06:36:12","guid":{"rendered":"https:\/\/avngart.com\/vivavis\/?page_id=1238"},"modified":"2022-08-30T14:08:54","modified_gmt":"2022-08-30T11:08:54","slug":"politikalar","status":"publish","type":"page","link":"https:\/\/avngart.com\/vivavis\/politikalar\/","title":{"rendered":"Politikalar"},"content":{"rendered":"\n<div class=\"wp-block-getwid-accordion  animated fadeInUp delay1 duration1 eds-on-scroll has-icon-left\" data-active-element=\"none\">\n<div class=\"wp-block-getwid-accordion__header-wrapper\"><span class=\"wp-block-getwid-accordion__header\"><a href=\"#\"><span class=\"wp-block-getwid-accordion__header-title\">Kalite<\/span><span class=\"wp-block-getwid-accordion__icon is-active\"><i class=\"fas fa-plus\"><\/i><\/span><span class=\"wp-block-getwid-accordion__icon is-passive\"><i class=\"fas fa-minus\"><\/i><\/span><\/a><\/span><\/div><div class=\"wp-block-getwid-accordion__content-wrapper\"><div class=\"wp-block-getwid-accordion__content\">\n<p>VIVAVIS, g\u00fcnl\u00fck ya\u015fama de\u011finen, s\u00fcrd\u00fcr\u00fclebilir, ya\u015fan\u0131labilir \u015fehirler i\u00e7in teknoloji geli\u015ftirmek ve i\u015fletmelere sunmak, &nbsp;inovasyonu, s\u00fcrekli iyile\u015ftirmeyi, payda\u015flar ile tak\u0131m olmay\u0131, ba\u015far\u0131n\u0131n payla\u015f\u0131lmas\u0131n\u0131, her s\u00fcre\u00e7te \u015feffaf olmay\u0131, g\u00fcveni her daim koruma ve \u00fcst\u00fcn tutmay\u0131 \u015firketin ana politikas\u0131 olarak belirlemi\u015ftir.<\/p>\n\n\n\n<p>VIVAVIS, i\u015f sa\u011fl\u0131\u011f\u0131 ve g\u00fcvenli\u011fi, ISO 9001-14001-OHSAS 18001 Y\u00f6netim Sistemi ko\u015fullar\u0131na uygun faaliyette bulunmas\u0131 \u00f6ncelik verir.<\/p>\n<\/div><\/div>\n\n\n\n<div class=\"wp-block-getwid-accordion__header-wrapper\"><span class=\"wp-block-getwid-accordion__header\"><a href=\"#\"><span class=\"wp-block-getwid-accordion__header-title\">Bilgi G\u00fcvenli\u011fi Y\u00f6netim Sistemleri Politikas\u0131 \u2013 ISO 27001<\/span><span class=\"wp-block-getwid-accordion__icon is-active\"><i class=\"fas fa-plus\"><\/i><\/span><span class=\"wp-block-getwid-accordion__icon is-passive\"><i class=\"fas fa-minus\"><\/i><\/span><\/a><\/span><\/div><div class=\"wp-block-getwid-accordion__content-wrapper\"><div class=\"wp-block-getwid-accordion__content\">\n<p>Hizmet verilen kurum ve kurulu\u015flar\u0131n g\u00fcvenini temin etmek ve verdi\u011fimiz hizmetler i\u00e7in kulland\u0131\u011f\u0131m\u0131z bilgi varl\u0131klar\u0131m\u0131z\u0131n g\u00fcvenli\u011fini sa\u011flamam\u0131z \u00f6ncelikli amac\u0131m\u0131zd\u0131r.<\/p>\n\n\n\n<p>Bu ba\u011flamda; i\u015f birli\u011finde bulundu\u011fumuz m\u00fc\u015fteriler, resmi kurumlar ve bayilerimiz ile ili\u015fkilerimiz \u00e7ok de\u011ferlidir. Sunmakta oldu\u011fumuz hizmetlerin s\u00fcreklili\u011fi, elimizde tuttu\u011fumuz bilgilerin gizlili\u011fi, m\u00fc\u015fterilerin veya kendi i\u00e7imizdeki bilgi varl\u0131klar\u0131n\u0131n b\u00fct\u00fcnl\u00fc\u011f\u00fc y\u00fcksek \u00f6neme sahiptir.<\/p>\n\n\n\n<p>Bu ama\u00e7la:<\/p>\n\n\n\n<ol class=\"wp-block-list\"><li>Kapsam dahilindeki t\u00fcm kurumsal ve ki\u015fiye \u00f6zel bilgilerin gizlili\u011fini, b\u00fct\u00fcnl\u00fc\u011f\u00fcn\u00fc, yetkiler dahilinde eri\u015filebilirli\u011fini ve s\u00fcreklili\u011fini korumay\u0131,<\/li><li>Yasal d\u00fczenlemelere, mevzuat h\u00fck\u00fcmlerine ve s\u00f6zle\u015fmelere uygun \u015fekilde; hatas\u0131z, m\u00fcmk\u00fcn olan en k\u0131sa s\u00fcrede ve kesintisiz olarak hizmetlerimizi sunmay\u0131,<\/li><li>Bilgi g\u00fcvenli\u011fi y\u00f6netim sistemimizin TS ISO\/IEC 27001 BGYS standard\u0131n\u0131n gereklerini yerine getirecek \u015fekilde kaynaklar\u0131n tahsis edilmesini, kurulmas\u0131n\u0131, i\u015fletilmesini ve s\u00fcrekli iyile\u015ftirilmesini,<\/li><li>\u0130\u015f s\u00fcre\u00e7lerinin bilgi g\u00fcvenli\u011fi y\u00f6netim sistemi kapsam\u0131nda haz\u0131rlanan ve onaylanan politika ve prosed\u00fcrlere uygun \u015fekilde y\u00fcr\u00fct\u00fclmesini sa\u011flamay\u0131,<\/li><li>Bilgi g\u00fcvenli\u011fi ile ilgili t\u00fcm yasal mevzuat ve s\u00f6zle\u015fmelere uyulmas\u0131n\u0131,<\/li><li>Bilgi varl\u0131klar\u0131na y\u00f6nelik risklerin tan\u0131mlanmas\u0131n\u0131 ve sistematik olarak y\u00f6netilmesini,<\/li><li>Bilgi g\u00fcvenli\u011fi fark\u0131ndal\u0131\u011f\u0131n\u0131 art\u0131rmak amac\u0131yla teknik ve davran\u0131\u015fsal yetkinlikleri geli\u015ftirecek e\u011fitimlerin ger\u00e7ekle\u015ftirilmesini,<\/li><li>Bilgi teknolojileri alan\u0131nda meydana gelen geli\u015fim ve de\u011fi\u015fime uyum sa\u011flamak amac\u0131yla dinamik bir yap\u0131 olu\u015fturmay\u0131 ve otoriteler ile ileti\u015fimleri art\u0131rmay\u0131,<\/li><\/ol>\n\n\n\n<p>Taahh\u00fct eder.<\/p>\n<\/div><\/div>\n\n\n\n<div class=\"wp-block-getwid-accordion__header-wrapper\"><span class=\"wp-block-getwid-accordion__header\"><a href=\"#\"><span class=\"wp-block-getwid-accordion__header-title\">KVKK \u2013 Ki\u015fisel Verilerin Korunmas\u0131 Hakk\u0131nda Ayd\u0131nlatma<\/span><span class=\"wp-block-getwid-accordion__icon is-active\"><i class=\"fas fa-plus\"><\/i><\/span><span class=\"wp-block-getwid-accordion__icon is-passive\"><i class=\"fas fa-minus\"><\/i><\/span><\/a><\/span><\/div><div class=\"wp-block-getwid-accordion__content-wrapper\"><div class=\"wp-block-getwid-accordion__content\">\n<p>Ki\u015fisel verilerin i\u015flenmesinde ba\u015fta \u00f6zel hayat\u0131n gizlili\u011fi olmak \u00fczere ki\u015filerin temel hak ve \u00f6zg\u00fcrl\u00fcklerinin korunmas\u0131n\u0131 ama\u00e7layan 7 Nisan 2016 tarihli ve 29677 Say\u0131l\u0131 Resm\u00ee Gazete\u2019de yay\u0131mlanan 6698 say\u0131l\u0131 Ki\u015fisel Verilerin Korunmas\u0131 Kanunu hususunda IDS Sistem Yap\u0131 San. Tic. A.\u015e olarak veri sorumlusu s\u0131fat\u0131yla \u201cVeri Sorumlusunun Ayd\u0131nlatma Y\u00fck\u00fcml\u00fcl\u00fc\u011f\u00fc\u201d ba\u015fl\u0131kl\u0131 10. maddesi ile 10 Mart 2018 tarih ve 30356 say\u0131l\u0131 Resmi Gazete\u2019de yay\u0131mlanan Ayd\u0131nlatma Y\u00fck\u00fcml\u00fcl\u00fc\u011f\u00fcn\u00fcn Yerine Getirilmesinde Uyulacak Usul ve Esaslar Hakk\u0131nda Tebli\u011f\u2019i uyar\u0131nca i\u015fbu Ayd\u0131nlatma Metni ile \u015eirketimiz taraf\u0131ndan taraf\u0131n\u0131z\u0131 bilgilendirmek isteriz.<\/p>\n\n\n\n<ol class=\"wp-block-list\" type=\"1\"><li>Veri Sorumlusu<\/li><\/ol>\n\n\n\n<p>IDS Sistem Yap\u0131 San ve Tic AS. (VIVAVIS firmas\u0131) 6698 say\u0131l\u0131 Ki\u015fisel Verilerin Korunmas\u0131 Kanunu (\u201c6698 say\u0131l\u0131 Kanun\u201d) uyar\u0131nca \u201cVeri Sorumlusu\u201d s\u0131fat\u0131yla ki\u015fisel verilerinizi a\u015fa\u011f\u0131daki kapsamda toplanmakta ve i\u015flenmektedir.<\/p>\n\n\n\n<p>Adres: Mahmutbey Mah. 2538. Sok. K\u0131s\u0131k Plaza No:6\/62 Ba\u011fc\u0131lar\/\u0130stanbul<\/p>\n\n\n\n<p>Telefon : +90 212 801 0 333<\/p>\n\n\n\n<p>Faks&nbsp;&nbsp;&nbsp;&nbsp; : +90 212 801 0 335<\/p>\n\n\n\n<p>E-posta : info@vivavis.com.tr<\/p>\n\n\n\n<ol class=\"wp-block-list\" type=\"1\" start=\"2\"><li>\u0130\u015flenen Ki\u015fisel Veriler<\/li><\/ol>\n\n\n\n<p>IDS olarak m\u00fc\u015fterilerimiz, tedarik\u00e7ilerimiz, i\u015f ortaklar\u0131m\u0131z, hizmet al\u0131m\u0131 yapt\u0131\u011f\u0131m\u0131z firmalar ve \u00e7al\u0131\u015fan adaylar\u0131m\u0131z gibi taraflardan a\u015fa\u011f\u0131daki ki\u015fisel veriler i\u015flenmektedir;<\/p>\n\n\n\n<p>Kimlik Bilgileriniz: isim-soy isim, T.C. Kimlik numaras\u0131.<\/p>\n\n\n\n<p>\u0130leti\u015fim Bilgileriniz: i\u015fyeri adresi, e-posta, telefon, cep telefonu.<\/p>\n\n\n\n<p>\u0130\u015f Ya\u015fam\u0131 Bilgileri: i\u015f bilgileri, e\u011fitim bilgileri.<\/p>\n\n\n\n<p>\u00d6deme Bilgileriniz: Banka hesap bilgileri, kart bilgileri.<\/p>\n\n\n\n<ol class=\"wp-block-list\" type=\"1\" start=\"3\"><li>Ki\u015fisel Verilerin \u0130\u015flenme Ama\u00e7lar\u0131<\/li><\/ol>\n\n\n\n<p>Elde edilen ki\u015fisel verileriniz a\u015fa\u011f\u0131da yer verilen ama\u00e7larla i\u015flenmektedir:<\/p>\n\n\n\n<ul class=\"wp-block-list\"><li>M\u00fc\u015fterilerimiz, tedarik\u00e7ilerimiz ve ileti\u015fimde olunan ilgili di\u011fer ki\u015filerinin ileti\u015fim bilgilerinin saklanmas\u0131 ve bu ki\u015filerle bu kanallardan ileti\u015fime ge\u00e7ilmesi,<\/li><li>M\u00fc\u015fterimize \u00fcr\u00fcn ve hizmetlerin sunulabilmesi ve kendilerine kar\u015f\u0131 olan teklif verme, sipari\u015f ve \u00f6deme vb. belgelerin d\u00fczenlenmesi ve mevzuatlar\u0131n \u00f6ng\u00f6rd\u00fc\u011f\u00fc raporlama ve bilgilendirmelerin yap\u0131lmas\u0131<\/li><li>M\u00fc\u015fterilerimiz ile bilgilendirme, fatura, irsaliye gibi bilgi ve belge payla\u015f\u0131mlar\u0131n\u0131n yap\u0131lmas\u0131<\/li><li>M\u00fc\u015fterilerimiz i\u00e7in fatura ve irsaliyelerin haz\u0131rlanmas\u0131 ve depolar\u0131m\u0131zdan \u00fcr\u00fcn teslimat\u0131 yap\u0131lmas\u0131<\/li><li>Ziyaret etti\u011fimiz veya Fuarlarda ziyarete gelen mevcut veya potansiyel m\u00fc\u015fteri bilgilerinin al\u0131nmas\u0131,<\/li><li>Yeni m\u00fc\u015fterilerimiz i\u00e7in cari kart\u0131 olu\u015fturulmas\u0131,<\/li><li>Pazarlama sat\u0131\u015f faaliyetleri amac\u0131yla m\u00fc\u015fteri bilgilerinin veri taban\u0131m\u0131za kaydedilmesi,<\/li><li>Teklif haz\u0131rlama s\u00fcrecimizin y\u00fcr\u00fct\u00fclmesi ve teklifimizin potansiyel m\u00fc\u015fterilerimize iletmesi,<\/li><li>Sipari\u015f teyidi s\u00fcrecinin y\u00fcr\u00fct\u00fclmesi,<\/li><li>Teknik ve Sat\u0131\u015f destek ekibimizle m\u00fc\u015fterilerimizin bilgilerinin payla\u015f\u0131lmas\u0131,<\/li><li>\u015eirketimizin tan\u0131t\u0131m\u0131 ve pazarlama faaliyetlerinin ger\u00e7ekle\u015ftirilmesi amac\u0131yla siz m\u00fc\u015fterilerimize ziyaretlerin ger\u00e7ekle\u015ftirilmesi ve bu ziyaret kay\u0131tlar\u0131n\u0131n CRM program\u0131m\u0131zda kay\u0131t alt\u0131na al\u0131nmas\u0131,<\/li><li>M\u00fc\u015fterilerin ya\u015fad\u0131\u011f\u0131 teknik sorunu \u00e7\u00f6zmek amac\u0131yla m\u00fc\u015fteri bilgisayarlar\u0131na uzaktan eri\u015fimin sa\u011flanmas\u0131,<\/li><\/ul>\n\n\n\n<ol class=\"wp-block-list\" type=\"1\" start=\"4\"><li>\u0130\u015flenen ki\u015fisel verilerin kimlere ve hangi ama\u00e7la aktar\u0131labilece\u011fi<\/li><\/ol>\n\n\n\n<p>Ki\u015fisel verileriniz, yukar\u0131da belirtilen ama\u00e7lar\u0131n ger\u00e7ekle\u015ftirilmesi ile s\u0131n\u0131rl\u0131 olmak \u00fczere;<\/p>\n\n\n\n<ul class=\"wp-block-list\"><li>\u015eirketin ortaklar\u0131na, tedarik\u00e7ilerine, hissedarlar\u0131na,<\/li><li>Vergi Kanunu, Sosyal g\u00fcvenlik kurumu mevzuat\u0131, say\u0131\u015ftay, bor\u00e7lar kanunu, t\u00fcrk ticaret kanunu ve di\u011fer ilgili kanun ve mevzuatlara uygun olarak ilgili ki\u015fi ve kurulu\u015flara<\/li><li>Kanunen yetkili kamu kurum ve kurulu\u015flar\u0131, idari merciler ve yasal mercilere,<\/li><li>Hizmet sa\u011flay\u0131c\u0131 firmalar ve yetkilileri, yurt i\u00e7indeki resmi kurum ve kurulu\u015flar, konsolosluklar, mahkemeler ve icra m\u00fcd\u00fcrl\u00fckleri, bankalar, tedarik\u00e7iler ve destek hizmeti sa\u011flay\u0131c\u0131lar\u0131na aktar\u0131labilmektedir.<\/li><\/ul>\n\n\n\n<ol class=\"wp-block-list\" type=\"1\" start=\"5\"><li>Ki\u015fisel verilerin toplanma y\u00f6ntemleri ve hukuki Sebepleri<\/li><\/ol>\n\n\n\n<p>Ki\u015fisel verilerinizi IDS ile hukuki ili\u015fkinizin kurulmas\u0131<\/p>\n\n\n\n<ul class=\"wp-block-list\"><li>\u0130\u015f Kanunu, \u0130\u015f Sa\u011fl\u0131\u011f\u0131 ve G\u00fcvenli\u011fi Kanunu, Sosyal Sigortalar ve Genel Sa\u011fl\u0131k Sigortas\u0131 Kanunu, Bor\u00e7lar Kanunu, Vergi Usul Kanunu, T\u00fcrk Ticaret Kanunu, Kimlik Bildirme Kanunu, Gelir Vergisi Kanunu, Kurumlar Vergisi Kanunu, \u00c7ek Kanunu, Bireysel Emeklilik Tasarruf ve Yat\u0131r\u0131m Sistemi Kanunu olmak \u00fczere \u015eirketimizin tabi oldu\u011fu mevzuatta a\u00e7\u0131k\u00e7a \u00f6ng\u00f6r\u00fclm\u00fc\u015f olmas\u0131,<\/li><li>M\u00fc\u015fterilerin tan\u0131nmas\u0131na ili\u015fkin ulusal ve uluslararas\u0131 alandaki ilke ve esaslara uyum sa\u011flamak, mevzuat ve resmi otoritelerce \u00f6ng\u00f6r\u00fclen bilgi saklama, raporlama, bilgilendirme y\u00fck\u00fcml\u00fcl\u00fcklerine uymak,<\/li><li>A\u00e7\u0131k r\u0131zan\u0131z\u0131n bulunmas\u0131,<\/li><li>Bir s\u00f6zle\u015fmenin kurulmas\u0131 veya ifas\u0131yla do\u011frudan do\u011fruya ilgili olmas\u0131 kayd\u0131yla, s\u00f6zle\u015fmenin taraflar\u0131na ait ki\u015fisel verilerin i\u015flenmesinin gerekli olmas\u0131, talep edilen \u00fcr\u00fcn ve hizmetleri sunabilmek ve akdetti\u011finiz s\u00f6zle\u015fmelerinin gere\u011finin yerine getirilmesi,<\/li><li>Hukuki y\u00fck\u00fcml\u00fcl\u00fc\u011f\u00fcn yerine getirebilmesi i\u00e7in zorunlu olmas\u0131,<\/li><li>Bir hakk\u0131n tesisi, kullan\u0131lmas\u0131 veya korunmas\u0131 i\u00e7in veri i\u015flemenin zorunlu olmas\u0131,<\/li><li>\u0130lgili ki\u015finin temel hak ve \u00f6zg\u00fcrl\u00fcklerine zarar vermemek kayd\u0131yla, veri sorumlusunun me\u015fru menfaatleri i\u00e7in veri i\u015flenmesinin zorunlu olmas\u0131.<\/li><\/ul>\n\n\n\n<p>\u00d6zel nitelikli ki\u015fisel verileriniz ise a\u015fa\u011f\u0131daki hukuka uygunluk sebeplerine dayan\u0131larak toplanmakta, saklanmakta ve i\u015flenmektedir:<\/p>\n\n\n\n<ul class=\"wp-block-list\"><li>A\u00e7\u0131k r\u0131zan\u0131z\u0131n bulunmas\u0131,<\/li><li>Sa\u011fl\u0131k d\u0131\u015f\u0131ndaki ki\u015fisel veriler, kanunlarda \u00f6ng\u00f6r\u00fclen hallerde a\u00e7\u0131k r\u0131zas\u0131 aranmaks\u0131z\u0131n,<\/li><\/ul>\n\n\n\n<ol class=\"wp-block-list\" type=\"1\" start=\"6\"><li>Ki\u015fisel verisi i\u015flenen ilgili ki\u015filerin haklar\u0131<\/li><\/ol>\n\n\n\n<p>Kanun\u2019un 11. maddesi h\u00fck\u00fcmleri uyar\u0131nca ki\u015fisel verilerinizle ili\u015fki olarak a\u015fa\u011f\u0131daki haklar\u0131n\u0131z bulunmaktad\u0131r:<\/p>\n\n\n\n<ul class=\"wp-block-list\"><li>Ki\u015fisel veri i\u015flenip i\u015flenmedi\u011fini \u00f6\u011frenme,<\/li><li>Ki\u015fisel verileri i\u015flenmi\u015fse buna ili\u015fkin bilgi talep etme,<\/li><li>Ki\u015fisel verilerin i\u015flenme amac\u0131n\u0131 ve bunlar\u0131n amac\u0131na uygun kullan\u0131l\u0131p kullan\u0131lmad\u0131\u011f\u0131n\u0131 \u00f6\u011frenme,<\/li><li>Yurt i\u00e7inde veya yurt d\u0131\u015f\u0131nda ki\u015fisel verilerin aktar\u0131ld\u0131\u011f\u0131 \u00fc\u00e7\u00fcnc\u00fc ki\u015fileri bilme,<\/li><li>Ki\u015fisel verilerin eksik veya yanl\u0131\u015f i\u015flenmi\u015f olmas\u0131 h\u00e2linde bunlar\u0131n d\u00fczeltilmesini isteme ve bu kapsamda yap\u0131lan i\u015flemin ki\u015fisel verilerin aktar\u0131ld\u0131\u011f\u0131 \u00fc\u00e7\u00fcnc\u00fc ki\u015filere bildirilmesini isteme,<\/li><li>6698 say\u0131l\u0131 Kanun ve ilgili di\u011fer kanun h\u00fck\u00fcmlerine uygun olarak i\u015flenmi\u015f olmas\u0131na ra\u011fmen, i\u015flenmesini gerektiren sebeplerin ortadan kalkmas\u0131 halinde ki\u015fisel verilerin silinmesini veya yok edilmesini isteme ve bu kapsamda yap\u0131lan i\u015flemin ki\u015fisel verilerin aktar\u0131ld\u0131\u011f\u0131 \u00fc\u00e7\u00fcnc\u00fc ki\u015filere bildirilmesini isteme,<\/li><li>\u0130\u015flenen verilerin m\u00fcnhas\u0131ran otomatik sistemler vas\u0131tas\u0131yla analiz edilmesi suretiyle ki\u015finin kendisi aleyhine bir sonucun ortaya \u00e7\u0131kmas\u0131na itiraz etme,<\/li><li>Ki\u015fisel verilerin kanuna ayk\u0131r\u0131 olarak i\u015flenmesi sebebiyle zarara u\u011framas\u0131 halinde zarar\u0131n giderilmesini talep etme haklar\u0131na sahiptir.<\/li><\/ul>\n\n\n\n<ol class=\"wp-block-list\" type=\"1\" start=\"7\"><li>Bilgi ve talepleriniz i\u00e7in bizimle ileti\u015fime ge\u00e7mek isterseniz.<\/li><\/ol>\n\n\n\n<p>KVK Kanunu\u2019nun 13. maddesinin 1. f\u0131kras\u0131 gere\u011fince, yukar\u0131da belirtilen haklar\u0131n\u0131z\u0131 kullanmak ile ilgili talebinizi, yaz\u0131l\u0131 olarak veya Ki\u015fisel Verileri Koruma Kurulu\u2019nun belirledi\u011fi di\u011fer y\u00f6ntemlerle \u015eirketimize iletebilirsiniz.&nbsp;Yukar\u0131da belirtilen haklar\u0131n\u0131z\u0131 kullanmak i\u00e7in kimli\u011finizi tespit edici gerekli bilgiler ile talep dilek\u00e7enizi bizzat elden teslim edebilir, noter kanal\u0131yla veya Ki\u015fisel Verileri Koruma Kurulu taraf\u0131ndan belirlenen di\u011fer y\u00f6ntemler ile g\u00f6nderebilir veya info@vivavis.com.tr ve ids@hs01.kep.tr adresine g\u00fcvenli elektronik imzal\u0131 olarak iletebilirsiniz.<\/p>\n\n\n\n<p>Bu kapsamda yap\u0131lacak olan ba\u015fvurular taraf\u0131m\u0131zdan yap\u0131lacak kimlik do\u011frulamas\u0131n\u0131 takiben kabul edilecek olup, talepleriniz, talebin niteli\u011fine g\u00f6re en k\u0131sa s\u00fcrede ve en ge\u00e7 30 g\u00fcn i\u00e7inde sonu\u00e7land\u0131r\u0131lacakt\u0131r. Ba\u015fvuruya yaz\u0131l\u0131 olarak cevap verilmesi durumunda, 10 sayfaya kadar \u00fccret al\u0131nmayacak olup 10 sayfan\u0131n \u00fczerindeki her sayfa i\u00e7in 1 T\u00fcrk Liras\u0131 i\u015flem \u00fccreti al\u0131nabilecektir. Ba\u015fvuruya cevab\u0131n CD, flash bellek gibi bir kay\u0131t ortam\u0131nda verilmesi halinde ise kay\u0131t ortam\u0131n\u0131n maliyeti tutar\u0131nda bir \u00fccret talep edilebilecektir.<\/p>\n<\/div><\/div>\n<\/div>\n","protected":false},"excerpt":{"rendered":"","protected":false},"author":3,"featured_media":0,"parent":0,"menu_order":125,"comment_status":"closed","ping_status":"closed","template":"","meta":{"_coblocks_attr":"","_coblocks_dimensions":"{\"coblocks-hero-729222958853\":{\"padding\":{}}}","_coblocks_responsive_height":"","_coblocks_accordion_ie_support":"","footnotes":""},"class_list":["post-1238","page","type-page","status-publish","hentry"],"yoast_head":"<!-- This site is optimized with the Yoast SEO plugin v27.2 - https:\/\/yoast.com\/product\/yoast-seo-wordpress\/ -->\n<title>Politikalar - VIVAVIS T\u00fcrkiye<\/title>\n<meta name=\"robots\" content=\"index, follow, max-snippet:-1, max-image-preview:large, max-video-preview:-1\" \/>\n<link rel=\"canonical\" href=\"https:\/\/avngart.com\/vivavis\/politikalar\/\" \/>\n<meta property=\"og:locale\" content=\"tr_TR\" \/>\n<meta property=\"og:type\" content=\"article\" \/>\n<meta property=\"og:title\" content=\"Politikalar - VIVAVIS T\u00fcrkiye\" \/>\n<meta property=\"og:url\" content=\"https:\/\/avngart.com\/vivavis\/politikalar\/\" \/>\n<meta property=\"og:site_name\" content=\"VIVAVIS T\u00fcrkiye\" \/>\n<meta property=\"article:publisher\" content=\"https:\/\/www.facebook.com\/vivavisag\" \/>\n<meta property=\"article:modified_time\" content=\"2022-08-30T11:08:54+00:00\" \/>\n<meta name=\"twitter:card\" content=\"summary_large_image\" \/>\n<meta name=\"twitter:site\" content=\"@VIVAVIS_AG\" \/>\n<meta name=\"twitter:label1\" content=\"Tahmini okuma s\u00fcresi\" \/>\n\t<meta name=\"twitter:data1\" content=\"8 dakika\" \/>\n<script type=\"application\/ld+json\" class=\"yoast-schema-graph\">{\"@context\":\"https:\/\/schema.org\",\"@graph\":[{\"@type\":\"WebPage\",\"@id\":\"https:\/\/avngart.com\/vivavis\/politikalar\/\",\"url\":\"https:\/\/avngart.com\/vivavis\/politikalar\/\",\"name\":\"Politikalar - VIVAVIS T\u00fcrkiye\",\"isPartOf\":{\"@id\":\"https:\/\/avngart.com\/vivavis\/#website\"},\"datePublished\":\"2022-08-04T06:36:12+00:00\",\"dateModified\":\"2022-08-30T11:08:54+00:00\",\"breadcrumb\":{\"@id\":\"https:\/\/avngart.com\/vivavis\/politikalar\/#breadcrumb\"},\"inLanguage\":\"tr\",\"potentialAction\":[{\"@type\":\"ReadAction\",\"target\":[\"https:\/\/avngart.com\/vivavis\/politikalar\/\"]}]},{\"@type\":\"BreadcrumbList\",\"@id\":\"https:\/\/avngart.com\/vivavis\/politikalar\/#breadcrumb\",\"itemListElement\":[{\"@type\":\"ListItem\",\"position\":1,\"name\":\"Anasayfa\",\"item\":\"https:\/\/avngart.com\/vivavis\/\"},{\"@type\":\"ListItem\",\"position\":2,\"name\":\"Politikalar\"}]},{\"@type\":\"WebSite\",\"@id\":\"https:\/\/avngart.com\/vivavis\/#website\",\"url\":\"https:\/\/avngart.com\/vivavis\/\",\"name\":\"VIVAVIS T\u00fcrkiye\",\"description\":\"Decoding the Future\",\"publisher\":{\"@id\":\"https:\/\/avngart.com\/vivavis\/#organization\"},\"potentialAction\":[{\"@type\":\"SearchAction\",\"target\":{\"@type\":\"EntryPoint\",\"urlTemplate\":\"https:\/\/avngart.com\/vivavis\/?s={search_term_string}\"},\"query-input\":{\"@type\":\"PropertyValueSpecification\",\"valueRequired\":true,\"valueName\":\"search_term_string\"}}],\"inLanguage\":\"tr\"},{\"@type\":\"Organization\",\"@id\":\"https:\/\/avngart.com\/vivavis\/#organization\",\"name\":\"VIVAVIS T\u00fcrkiye\",\"url\":\"https:\/\/avngart.com\/vivavis\/\",\"logo\":{\"@type\":\"ImageObject\",\"inLanguage\":\"tr\",\"@id\":\"https:\/\/avngart.com\/vivavis\/#\/schema\/logo\/image\/\",\"url\":\"https:\/\/avngart.com\/vivavis\/wp-content\/uploads\/2023\/08\/ids-68.svg\",\"contentUrl\":\"https:\/\/avngart.com\/vivavis\/wp-content\/uploads\/2023\/08\/ids-68.svg\",\"width\":1403,\"height\":512,\"caption\":\"VIVAVIS T\u00fcrkiye\"},\"image\":{\"@id\":\"https:\/\/avngart.com\/vivavis\/#\/schema\/logo\/image\/\"},\"sameAs\":[\"https:\/\/www.facebook.com\/vivavisag\",\"https:\/\/x.com\/VIVAVIS_AG\",\"https:\/\/www.instagram.com\/vivavis_ag\/\",\"https:\/\/tr.linkedin.com\/company\/ids-vivavis?trk=similar-pages\"]}]}<\/script>\n<!-- \/ Yoast SEO plugin. -->","yoast_head_json":{"title":"Politikalar - VIVAVIS T\u00fcrkiye","robots":{"index":"index","follow":"follow","max-snippet":"max-snippet:-1","max-image-preview":"max-image-preview:large","max-video-preview":"max-video-preview:-1"},"canonical":"https:\/\/avngart.com\/vivavis\/politikalar\/","og_locale":"tr_TR","og_type":"article","og_title":"Politikalar - VIVAVIS T\u00fcrkiye","og_url":"https:\/\/avngart.com\/vivavis\/politikalar\/","og_site_name":"VIVAVIS T\u00fcrkiye","article_publisher":"https:\/\/www.facebook.com\/vivavisag","article_modified_time":"2022-08-30T11:08:54+00:00","twitter_card":"summary_large_image","twitter_site":"@VIVAVIS_AG","twitter_misc":{"Tahmini okuma s\u00fcresi":"8 dakika"},"schema":{"@context":"https:\/\/schema.org","@graph":[{"@type":"WebPage","@id":"https:\/\/avngart.com\/vivavis\/politikalar\/","url":"https:\/\/avngart.com\/vivavis\/politikalar\/","name":"Politikalar - VIVAVIS T\u00fcrkiye","isPartOf":{"@id":"https:\/\/avngart.com\/vivavis\/#website"},"datePublished":"2022-08-04T06:36:12+00:00","dateModified":"2022-08-30T11:08:54+00:00","breadcrumb":{"@id":"https:\/\/avngart.com\/vivavis\/politikalar\/#breadcrumb"},"inLanguage":"tr","potentialAction":[{"@type":"ReadAction","target":["https:\/\/avngart.com\/vivavis\/politikalar\/"]}]},{"@type":"BreadcrumbList","@id":"https:\/\/avngart.com\/vivavis\/politikalar\/#breadcrumb","itemListElement":[{"@type":"ListItem","position":1,"name":"Anasayfa","item":"https:\/\/avngart.com\/vivavis\/"},{"@type":"ListItem","position":2,"name":"Politikalar"}]},{"@type":"WebSite","@id":"https:\/\/avngart.com\/vivavis\/#website","url":"https:\/\/avngart.com\/vivavis\/","name":"VIVAVIS T\u00fcrkiye","description":"Decoding the Future","publisher":{"@id":"https:\/\/avngart.com\/vivavis\/#organization"},"potentialAction":[{"@type":"SearchAction","target":{"@type":"EntryPoint","urlTemplate":"https:\/\/avngart.com\/vivavis\/?s={search_term_string}"},"query-input":{"@type":"PropertyValueSpecification","valueRequired":true,"valueName":"search_term_string"}}],"inLanguage":"tr"},{"@type":"Organization","@id":"https:\/\/avngart.com\/vivavis\/#organization","name":"VIVAVIS T\u00fcrkiye","url":"https:\/\/avngart.com\/vivavis\/","logo":{"@type":"ImageObject","inLanguage":"tr","@id":"https:\/\/avngart.com\/vivavis\/#\/schema\/logo\/image\/","url":"https:\/\/avngart.com\/vivavis\/wp-content\/uploads\/2023\/08\/ids-68.svg","contentUrl":"https:\/\/avngart.com\/vivavis\/wp-content\/uploads\/2023\/08\/ids-68.svg","width":1403,"height":512,"caption":"VIVAVIS T\u00fcrkiye"},"image":{"@id":"https:\/\/avngart.com\/vivavis\/#\/schema\/logo\/image\/"},"sameAs":["https:\/\/www.facebook.com\/vivavisag","https:\/\/x.com\/VIVAVIS_AG","https:\/\/www.instagram.com\/vivavis_ag\/","https:\/\/tr.linkedin.com\/company\/ids-vivavis?trk=similar-pages"]}]}},"_links":{"self":[{"href":"https:\/\/avngart.com\/vivavis\/wp-json\/wp\/v2\/pages\/1238","targetHints":{"allow":["GET"]}}],"collection":[{"href":"https:\/\/avngart.com\/vivavis\/wp-json\/wp\/v2\/pages"}],"about":[{"href":"https:\/\/avngart.com\/vivavis\/wp-json\/wp\/v2\/types\/page"}],"author":[{"embeddable":true,"href":"https:\/\/avngart.com\/vivavis\/wp-json\/wp\/v2\/users\/3"}],"replies":[{"embeddable":true,"href":"https:\/\/avngart.com\/vivavis\/wp-json\/wp\/v2\/comments?post=1238"}],"version-history":[{"count":0,"href":"https:\/\/avngart.com\/vivavis\/wp-json\/wp\/v2\/pages\/1238\/revisions"}],"wp:attachment":[{"href":"https:\/\/avngart.com\/vivavis\/wp-json\/wp\/v2\/media?parent=1238"}],"curies":[{"name":"wp","href":"https:\/\/api.w.org\/{rel}","templated":true}]}}